{"id":8,"date":"2017-10-07T11:49:18","date_gmt":"2017-10-07T09:49:18","guid":{"rendered":"http:\/\/st-denis-en-val.com\/?page_id=8"},"modified":"2017-10-08T18:31:55","modified_gmt":"2017-10-08T16:31:55","slug":"a-propos-de","status":"publish","type":"page","link":"https:\/\/st-denis-en-val.com\/?page_id=8","title":{"rendered":"Qui sommes nous ?"},"content":{"rendered":"<p>L&rsquo;association des Amis de l&rsquo;Orgue de Saint Denis en Val regroupe des personnes de tout \u00e2ge, anim\u00e9es du d\u00e9sir de sauvegarder l&rsquo;orgue de St Denis et de promouvoir la pratique de cet instrument. On peut la d\u00e9crire en trois grandes rubriques :<\/p>\n<p style=\"padding-left: 30px;\"><strong>Motivations<\/strong><br \/>\nNotre \u00e9glise poss\u00e8de un orgue qui n\u00e9cessite d&rsquo;\u00eatre remis en \u00e9tat.<br \/>\nLa pratique de l&rsquo;orgue se perd peu \u00e0 peu en France. C&rsquo;est un instrument \u00e0 pr\u00e9server.<\/p>\n<p style=\"padding-left: 30px;\"><strong>Objectifs<\/strong><br \/>\nObtenir une reconstruction de l&rsquo;orgue et son d\u00e9placement pour une meilleure mise en valeur.<br \/>\nFaire conna\u00eetre et d\u00e9couvrir l&rsquo;orgue \u00e0 un large public.<br \/>\nInitier \u00e0 la pratique de l&rsquo;orgue gr\u00e2ce \u00e0 notre \u00e9cole d&rsquo;orgue.<\/p>\n<p style=\"padding-left: 30px;\"><strong>Actions<br \/>\n<\/strong>Proposer des concerts de qualit\u00e9 avec des musiciens professionnels.<br \/>\nOrganiser des visites et des pr\u00e9sentations de l\u2019orgue aupr\u00e8s des jeunes et des \u00e9coliers.<br \/>\nFaciliter l\u2019apprentissage de l\u2019orgue tant pour les jeunes que pour les adultes.<br \/>\nPr\u00e9parer la reconstruction de l\u2019orgue, sa mise en valeur et son d\u00e9placement.<\/p>\n<p><strong>Rejoignez-nous<\/strong> et ainsi, en \u00e9tant adh\u00e9rents, vous apportez votre soutien et :<br \/>\n\u2666 vous rejoignez une <strong>\u00e9quipe de passionn\u00e9<\/strong>s<br \/>\n\u2666 vous \u00eates inform\u00e9s de <strong>toutes les activit\u00e9s<\/strong><br \/>\n\u2666 vous \u00eates destinataires du <strong>bulletin de liaison<\/strong><br \/>\n\u2666 vous participez activement \u00e0 la d\u00e9fense de notre <strong>culture<\/strong><br \/>\net de notre <strong>patrimoine<\/strong><br \/>\n\u2666 vous favorisez <strong>la<\/strong> <strong>d\u00e9couverte et la pratique<\/strong> de l\u2019orgue<br \/>\n\u2666 vous contribuez \u00e0 la <strong>reconstruction de l\u2019orgue<\/strong> de St Denis<br \/>\nen Val<br \/>\n(formulaire d&rsquo;adh\u00e9sion dans la rubrique \u00ab\u00a0Nous contacter et\/ou adh\u00e9rer\u00a0\u00bb).<\/p>\n<p>&nbsp;<\/p>\n","protected":false},"excerpt":{"rendered":"<p>L&rsquo;association des Amis de l&rsquo;Orgue de Saint Denis en Val regroupe des personnes de tout \u00e2ge, anim\u00e9es du d\u00e9sir de sauvegarder l&rsquo;orgue de St Denis et de promouvoir la pratique de cet instrument. On peut la d\u00e9crire en trois grandes rubriques : Motivations Notre \u00e9glise poss\u00e8de un orgue qui n\u00e9cessite d&rsquo;\u00eatre remis en \u00e9tat. La &hellip; <a href=\"https:\/\/st-denis-en-val.com\/?page_id=8\" class=\"more-link\">Continuer la lecture<span class=\"screen-reader-text\"> de &laquo;&nbsp;Qui sommes nous ?&nbsp;&raquo;<\/span><\/a><\/p>\n","protected":false},"author":1,"featured_media":0,"parent":0,"menu_order":0,"comment_status":"closed","ping_status":"closed","template":"","meta":[],"_links":{"self":[{"href":"https:\/\/st-denis-en-val.com\/index.php?rest_route=\/wp\/v2\/pages\/8"}],"collection":[{"href":"https:\/\/st-denis-en-val.com\/index.php?rest_route=\/wp\/v2\/pages"}],"about":[{"href":"https:\/\/st-denis-en-val.com\/index.php?rest_route=\/wp\/v2\/types\/page"}],"author":[{"embeddable":true,"href":"https:\/\/st-denis-en-val.com\/index.php?rest_route=\/wp\/v2\/users\/1"}],"replies":[{"embeddable":true,"href":"https:\/\/st-denis-en-val.com\/index.php?rest_route=%2Fwp%2Fv2%2Fcomments&post=8"}],"version-history":[{"count":4,"href":"https:\/\/st-denis-en-val.com\/index.php?rest_route=\/wp\/v2\/pages\/8\/revisions"}],"predecessor-version":[{"id":53,"href":"https:\/\/st-denis-en-val.com\/index.php?rest_route=\/wp\/v2\/pages\/8\/revisions\/53"}],"wp:attachment":[{"href":"https:\/\/st-denis-en-val.com\/index.php?rest_route=%2Fwp%2Fv2%2Fmedia&parent=8"}],"curies":[{"name":"wp","href":"https:\/\/api.w.org\/{rel}","templated":true}]}}